{"id":1944,"date":"2020-09-21T11:27:03","date_gmt":"2020-09-21T11:27:03","guid":{"rendered":"https:\/\/agencia25.runescript.pt\/projectos\/ilhas-uma-constelacao\/"},"modified":"2024-06-11T10:23:32","modified_gmt":"2024-06-11T10:23:32","slug":"iles-une-constellation","status":"publish","type":"projectos","link":"https:\/\/agencia25.pt\/fr\/projets\/iles-une-constellation\/","title":{"rendered":"Ilhas &#8211; uma constela\u00e7\u00e3o"},"content":{"rendered":"<p>\u00ab \u00celes &#8211; une constellation \u00bb aborde l\u2019imaginaire du voyage et de la g\u00e9ographie insulaire en partant de l\u2019id\u00e9e de l\u2019\u00eele comme un corps entour\u00e9 par la mer et qui est choy\u00e9 par l&rsquo;alternance des mar\u00e9es. Ce n\u2019est pas par hasard que les \u00eeles, quand on les retrouve dessin\u00e9es sur des cartes ou quand elles sont capt\u00e9es par des satellites, ressemblent \u00e0 des constellations et nous renvoient \u00e0 l&rsquo;imaginaire fantastique. On sait depuis longtemps que le territoire insulaire est la sc\u00e8ne de tant de voyages fascinants et qu\u2019il est fondamental pour penser les utopies les plus exub\u00e9rantes et les plus obscures dystopies.<\/p>\n<p>Cette pi\u00e8ce explore la chor\u00e9graphie et le mouvement dans une relation intrins\u00e8que avec la conception sonore. Elle d\u00e9veloppe un paysage sonore par le biais d&rsquo;un feedback, d&rsquo;enregistrements de terrain r\u00e9alis\u00e9s sur les \u00eeles de Mad\u00e8re, Desertas et Selvagens et d&rsquo;exercices vocaux bas\u00e9s sur le mouvement de la respiration du corps.<\/p>\n","protected":false},"excerpt":{"rendered":"<p>\u00ab \u00celes &#8211; une constellation \u00bb aborde l\u2019imaginaire du voyage et de la g\u00e9ographie insulaire en partant de l\u2019id\u00e9e de l\u2019\u00eele comme un corps entour\u00e9 (&#8230;)<\/p>\n","protected":false},"featured_media":2464,"template":"","categories":[38],"class_list":["post-1944","projectos","type-projectos","status-publish","has-post-thumbnail","hentry","categories-danse"],"acf":{"subtitle":"Sara Anjo, 2020","artists":[1856],"technical_sheet":"<p data-pm-slice=\"1 1 []\">Concept et performance: Sara Anjo\r\nSon et conception d'\u00e9clairage: Artur Pispalhas et Sara Anjo\r\nProduction ex\u00e9cutive: Sandra Amado\r\nGestion et administration: V\u00edtor Alves Brotas\r\nProduction: Ag\u00eancia 25\r\nR\u00e9sidences: Alkantara, AAAIDD \u2013 Grupo Dan\u00e7ando com a Diferen\u00e7a et Est\u00fadios V\u00edtor Cordon\r\nR\u00e9sidence de coproduction: O Espa\u00e7o do Tempo\r\nCoproduction: Festival Lisboa Soa et Teatro Baltazar Dias\r\nRemerciements: Ana Irene Rodrigues; Duarte Sousa (ARM); Flora Detr\u00e1z, OceanSee et Margarida Mestre<\/p>","attachments":null,"video":"https:\/\/vimeo.com\/477063453","gallery":[2515,2512,2509,2518,2506],"partners":null},"yoast_head":"<!-- This site is optimized with the Yoast SEO plugin v27.3 - https:\/\/yoast.com\/product\/yoast-seo-wordpress\/ -->\n<title>Ilhas - uma constela\u00e7\u00e3o - ag\u00eancia 25<\/title>\n<meta name=\"description\" content=\"\u00ab \u00celes - une constellation \u00bb aborde l\u2019imaginaire du voyage et de la g\u00e9ographie insulaire en partant de l\u2019id\u00e9e de l\u2019\u00eele comme un corps entour\u00e9 (...)\" \/>\n<meta name=\"robots\" content=\"index, follow, max-snippet:-1, max-image-preview:large, max-video-preview:-1\" \/>\n<link rel=\"canonical\" href=\"https:\/\/agencia25.pt\/fr\/projets\/iles-une-constellation\/\" \/>\n<meta property=\"og:locale\" content=\"fr_FR\" \/>\n<meta property=\"og:type\" content=\"article\" \/>\n<meta property=\"og:title\" content=\"Ilhas - uma constela\u00e7\u00e3o - ag\u00eancia 25\" \/>\n<meta property=\"og:description\" content=\"\u00ab \u00celes - une constellation \u00bb aborde l\u2019imaginaire du voyage et de la g\u00e9ographie insulaire en partant de l\u2019id\u00e9e de l\u2019\u00eele comme un corps entour\u00e9 (...)\" \/>\n<meta property=\"og:url\" content=\"https:\/\/agencia25.pt\/fr\/projets\/iles-une-constellation\/\" \/>\n<meta property=\"og:site_name\" content=\"ag\u00eancia 25\" \/>\n<meta property=\"article:modified_time\" content=\"2024-06-11T10:23:32+00:00\" \/>\n<meta property=\"og:image\" content=\"https:\/\/agencia25.pt\/wp-content\/uploads\/2020\/09\/Banner-Ilhas-\u00a9-Andre-Moniz-Vieira.png\" \/>\n\t<meta property=\"og:image:width\" content=\"1920\" \/>\n\t<meta property=\"og:image:height\" content=\"974\" \/>\n\t<meta property=\"og:image:type\" content=\"image\/png\" \/>\n<meta name=\"twitter:card\" content=\"summary_large_image\" \/>\n<meta name=\"twitter:label1\" content=\"Dur\u00e9e de lecture estim\u00e9e\" \/>\n\t<meta name=\"twitter:data1\" content=\"2 minutes\" \/>\n<script type=\"application\/ld+json\" class=\"yoast-schema-graph\">{\"@context\":\"https:\\\/\\\/schema.org\",\"@graph\":[{\"@type\":\"WebPage\",\"@id\":\"https:\\\/\\\/agencia25.pt\\\/fr\\\/projets\\\/iles-une-constellation\\\/\",\"url\":\"https:\\\/\\\/agencia25.pt\\\/fr\\\/projets\\\/iles-une-constellation\\\/\",\"name\":\"Ilhas - uma constela\u00e7\u00e3o - ag\u00eancia 25\",\"isPartOf\":{\"@id\":\"https:\\\/\\\/agencia25.pt\\\/fr\\\/#website\"},\"primaryImageOfPage\":{\"@id\":\"https:\\\/\\\/agencia25.pt\\\/fr\\\/projets\\\/iles-une-constellation\\\/#primaryimage\"},\"image\":{\"@id\":\"https:\\\/\\\/agencia25.pt\\\/fr\\\/projets\\\/iles-une-constellation\\\/#primaryimage\"},\"thumbnailUrl\":\"https:\\\/\\\/agencia25.pt\\\/wp-content\\\/uploads\\\/2020\\\/09\\\/Banner-Ilhas-\u00a9-Andre-Moniz-Vieira.png\",\"datePublished\":\"2020-09-21T11:27:03+00:00\",\"dateModified\":\"2024-06-11T10:23:32+00:00\",\"description\":\"\u00ab \u00celes - une constellation \u00bb aborde l\u2019imaginaire du voyage et de la g\u00e9ographie insulaire en partant de l\u2019id\u00e9e de l\u2019\u00eele comme un corps entour\u00e9 (...)\",\"breadcrumb\":{\"@id\":\"https:\\\/\\\/agencia25.pt\\\/fr\\\/projets\\\/iles-une-constellation\\\/#breadcrumb\"},\"inLanguage\":\"fr-FR\",\"potentialAction\":[{\"@type\":\"ReadAction\",\"target\":[\"https:\\\/\\\/agencia25.pt\\\/fr\\\/projets\\\/iles-une-constellation\\\/\"]}]},{\"@type\":\"ImageObject\",\"inLanguage\":\"fr-FR\",\"@id\":\"https:\\\/\\\/agencia25.pt\\\/fr\\\/projets\\\/iles-une-constellation\\\/#primaryimage\",\"url\":\"https:\\\/\\\/agencia25.pt\\\/wp-content\\\/uploads\\\/2020\\\/09\\\/Banner-Ilhas-\u00a9-Andre-Moniz-Vieira.png\",\"contentUrl\":\"https:\\\/\\\/agencia25.pt\\\/wp-content\\\/uploads\\\/2020\\\/09\\\/Banner-Ilhas-\u00a9-Andre-Moniz-Vieira.png\",\"width\":1920,\"height\":974,\"caption\":\"\u00a9 Andr\u00e9 Moniz Vieira\"},{\"@type\":\"BreadcrumbList\",\"@id\":\"https:\\\/\\\/agencia25.pt\\\/fr\\\/projets\\\/iles-une-constellation\\\/#breadcrumb\",\"itemListElement\":[{\"@type\":\"ListItem\",\"position\":1,\"name\":\"Home\",\"item\":\"https:\\\/\\\/agencia25.pt\\\/fr\\\/\"},{\"@type\":\"ListItem\",\"position\":2,\"name\":\"projets\",\"item\":\"https:\\\/\\\/agencia25.pt\\\/fr\\\/projets\\\/\"},{\"@type\":\"ListItem\",\"position\":3,\"name\":\"Ilhas &#8211; uma constela\u00e7\u00e3o\"}]},{\"@type\":\"WebSite\",\"@id\":\"https:\\\/\\\/agencia25.pt\\\/fr\\\/#website\",\"url\":\"https:\\\/\\\/agencia25.pt\\\/fr\\\/\",\"name\":\"ag\u00eancia 25\",\"description\":\"\",\"potentialAction\":[{\"@type\":\"SearchAction\",\"target\":{\"@type\":\"EntryPoint\",\"urlTemplate\":\"https:\\\/\\\/agencia25.pt\\\/fr\\\/?s={search_term_string}\"},\"query-input\":{\"@type\":\"PropertyValueSpecification\",\"valueRequired\":true,\"valueName\":\"search_term_string\"}}],\"inLanguage\":\"fr-FR\"}]}<\/script>\n<!-- \/ Yoast SEO plugin. -->","yoast_head_json":{"title":"Ilhas - uma constela\u00e7\u00e3o - ag\u00eancia 25","description":"\u00ab \u00celes - une constellation \u00bb aborde l\u2019imaginaire du voyage et de la g\u00e9ographie insulaire en partant de l\u2019id\u00e9e de l\u2019\u00eele comme un corps entour\u00e9 (...)","robots":{"index":"index","follow":"follow","max-snippet":"max-snippet:-1","max-image-preview":"max-image-preview:large","max-video-preview":"max-video-preview:-1"},"canonical":"https:\/\/agencia25.pt\/fr\/projets\/iles-une-constellation\/","og_locale":"fr_FR","og_type":"article","og_title":"Ilhas - uma constela\u00e7\u00e3o - ag\u00eancia 25","og_description":"\u00ab \u00celes - une constellation \u00bb aborde l\u2019imaginaire du voyage et de la g\u00e9ographie insulaire en partant de l\u2019id\u00e9e de l\u2019\u00eele comme un corps entour\u00e9 (...)","og_url":"https:\/\/agencia25.pt\/fr\/projets\/iles-une-constellation\/","og_site_name":"ag\u00eancia 25","article_modified_time":"2024-06-11T10:23:32+00:00","og_image":[{"width":1920,"height":974,"url":"https:\/\/agencia25.pt\/wp-content\/uploads\/2020\/09\/Banner-Ilhas-\u00a9-Andre-Moniz-Vieira.png","type":"image\/png"}],"twitter_card":"summary_large_image","twitter_misc":{"Dur\u00e9e de lecture estim\u00e9e":"2 minutes"},"schema":{"@context":"https:\/\/schema.org","@graph":[{"@type":"WebPage","@id":"https:\/\/agencia25.pt\/fr\/projets\/iles-une-constellation\/","url":"https:\/\/agencia25.pt\/fr\/projets\/iles-une-constellation\/","name":"Ilhas - uma constela\u00e7\u00e3o - ag\u00eancia 25","isPartOf":{"@id":"https:\/\/agencia25.pt\/fr\/#website"},"primaryImageOfPage":{"@id":"https:\/\/agencia25.pt\/fr\/projets\/iles-une-constellation\/#primaryimage"},"image":{"@id":"https:\/\/agencia25.pt\/fr\/projets\/iles-une-constellation\/#primaryimage"},"thumbnailUrl":"https:\/\/agencia25.pt\/wp-content\/uploads\/2020\/09\/Banner-Ilhas-\u00a9-Andre-Moniz-Vieira.png","datePublished":"2020-09-21T11:27:03+00:00","dateModified":"2024-06-11T10:23:32+00:00","description":"\u00ab \u00celes - une constellation \u00bb aborde l\u2019imaginaire du voyage et de la g\u00e9ographie insulaire en partant de l\u2019id\u00e9e de l\u2019\u00eele comme un corps entour\u00e9 (...)","breadcrumb":{"@id":"https:\/\/agencia25.pt\/fr\/projets\/iles-une-constellation\/#breadcrumb"},"inLanguage":"fr-FR","potentialAction":[{"@type":"ReadAction","target":["https:\/\/agencia25.pt\/fr\/projets\/iles-une-constellation\/"]}]},{"@type":"ImageObject","inLanguage":"fr-FR","@id":"https:\/\/agencia25.pt\/fr\/projets\/iles-une-constellation\/#primaryimage","url":"https:\/\/agencia25.pt\/wp-content\/uploads\/2020\/09\/Banner-Ilhas-\u00a9-Andre-Moniz-Vieira.png","contentUrl":"https:\/\/agencia25.pt\/wp-content\/uploads\/2020\/09\/Banner-Ilhas-\u00a9-Andre-Moniz-Vieira.png","width":1920,"height":974,"caption":"\u00a9 Andr\u00e9 Moniz Vieira"},{"@type":"BreadcrumbList","@id":"https:\/\/agencia25.pt\/fr\/projets\/iles-une-constellation\/#breadcrumb","itemListElement":[{"@type":"ListItem","position":1,"name":"Home","item":"https:\/\/agencia25.pt\/fr\/"},{"@type":"ListItem","position":2,"name":"projets","item":"https:\/\/agencia25.pt\/fr\/projets\/"},{"@type":"ListItem","position":3,"name":"Ilhas &#8211; uma constela\u00e7\u00e3o"}]},{"@type":"WebSite","@id":"https:\/\/agencia25.pt\/fr\/#website","url":"https:\/\/agencia25.pt\/fr\/","name":"ag\u00eancia 25","description":"","potentialAction":[{"@type":"SearchAction","target":{"@type":"EntryPoint","urlTemplate":"https:\/\/agencia25.pt\/fr\/?s={search_term_string}"},"query-input":{"@type":"PropertyValueSpecification","valueRequired":true,"valueName":"search_term_string"}}],"inLanguage":"fr-FR"}]}},"_links":{"self":[{"href":"https:\/\/agencia25.pt\/fr\/wp-json\/wp\/v2\/projectos\/1944","targetHints":{"allow":["GET"]}}],"collection":[{"href":"https:\/\/agencia25.pt\/fr\/wp-json\/wp\/v2\/projectos"}],"about":[{"href":"https:\/\/agencia25.pt\/fr\/wp-json\/wp\/v2\/types\/projectos"}],"acf:attachment":[{"embeddable":true,"href":"https:\/\/agencia25.pt\/fr\/wp-json\/wp\/v2\/media\/2506"},{"embeddable":true,"href":"https:\/\/agencia25.pt\/fr\/wp-json\/wp\/v2\/media\/2518"},{"embeddable":true,"href":"https:\/\/agencia25.pt\/fr\/wp-json\/wp\/v2\/media\/2509"},{"embeddable":true,"href":"https:\/\/agencia25.pt\/fr\/wp-json\/wp\/v2\/media\/2512"},{"embeddable":true,"href":"https:\/\/agencia25.pt\/fr\/wp-json\/wp\/v2\/media\/2515"}],"acf:post":[{"embeddable":true,"href":"https:\/\/agencia25.pt\/fr\/wp-json\/wp\/v2\/artistas\/1856"}],"wp:featuredmedia":[{"embeddable":true,"href":"https:\/\/agencia25.pt\/fr\/wp-json\/wp\/v2\/media\/2464"}],"wp:attachment":[{"href":"https:\/\/agencia25.pt\/fr\/wp-json\/wp\/v2\/media?parent=1944"}],"wp:term":[{"taxonomy":"categories","embeddable":true,"href":"https:\/\/agencia25.pt\/fr\/wp-json\/wp\/v2\/categories?post=1944"}],"curies":[{"name":"wp","href":"https:\/\/api.w.org\/{rel}","templated":true}]}}